{"id":120,"date":"2021-03-17T21:40:44","date_gmt":"2021-03-17T21:40:44","guid":{"rendered":"https:\/\/vecinosypropietarios.org\/?page_id=120"},"modified":"2021-07-19T20:21:37","modified_gmt":"2021-07-19T19:21:37","slug":"politica-de-proteccion-de-datos-y-privacidad","status":"publish","type":"page","link":"https:\/\/vecinosypropietarios.org\/?page_id=120","title":{"rendered":"Pol\u00edtica de protecci\u00f3n de datos y privacidad"},"content":{"rendered":"\n<figure class=\"wp-block-image size-large is-resized is-style-default\"><img decoding=\"async\" src=\"https:\/\/vecinosypropietarios.org\/wp-content\/uploads\/2021\/03\/4-edited.jpg\" alt=\"\" class=\"wp-image-122\" width=\"950\" height=\"534.375\" srcset=\"https:\/\/vecinosypropietarios.org\/wp-content\/uploads\/2021\/03\/4-edited.jpg 1600w, https:\/\/vecinosypropietarios.org\/wp-content\/uploads\/2021\/03\/4-edited-300x169.jpg 300w, https:\/\/vecinosypropietarios.org\/wp-content\/uploads\/2021\/03\/4-edited-1024x576.jpg 1024w, https:\/\/vecinosypropietarios.org\/wp-content\/uploads\/2021\/03\/4-edited-768x432.jpg 768w, https:\/\/vecinosypropietarios.org\/wp-content\/uploads\/2021\/03\/4-edited-1536x864.jpg 1536w\" sizes=\"(max-width: 1600px) 100vw, 1600px\" \/><\/figure>\n\n\n\n<h4 class=\"wp-block-heading\"><strong>1. INFORMACI\u00d3N DE INTER\u00c9S GENERAL<\/strong><\/h4>\n\n\n\n<p><\/p>\n\n\n\n<p><strong><em>Datos del responsable del tratamiento:<\/em><\/strong><\/p>\n\n\n\n<ul class=\"wp-block-list\"><li>Asociaci\u00f3n de Vecinos y Propietarios de Lozoyuela-Navas-Sieteiglesias &#8211; NIF: G88637863<\/li><li>Registro de Asociaciones de la Comunidad de Madrid, Secci\u00f3n primera, n\u00famero 39.597&nbsp;<\/li><li>Sendero de Vel\u00e1zquez 5&nbsp; 28752-Lozoyuela&nbsp; Madrid<\/li><li>info@vecinosypropietarios.org<\/li><\/ul>\n\n\n\n<hr class=\"wp-block-separator\"\/>\n\n\n\n<p><em>\u201cEn la Asociaci\u00f3n de Vecinos y Propietarios de Lozoyuela-Navas-Sieteiglesias tratamos la informaci\u00f3n que nos facilita con el fin de actualizar el libro de socios de la Asociaci\u00f3n tal y como se exige en el art. 14.1 de la Ley Org\u00e1nica 1\/2002 que regula el derecho de asociaci\u00f3n, con la finalidad de mantenerle informado de nuestras actividades. Adicionalmente, el tel\u00e9fono m\u00f3vil se incorporar\u00e1 al grupo de WhatsApp con la denominaci\u00f3n \u201cAsociaci\u00f3n vecinos L-N-S\u201d con la misma finalidad. Los datos proporcionados se conservar\u00e1n mientras se mantenga la relaci\u00f3n de asociado o durante el tiempo necesario para cumplir con las obligaciones legales y atender las posibles responsabilidades que pudieran derivar del cumplimiento de la finalidad para la que los datos fueron recabados. Los datos no se ceder\u00e1n a terceros salvo en los casos en que exista una obligaci\u00f3n legal. Usted tiene derecho a obtener informaci\u00f3n sobre si en Asociaci\u00f3n de Vecinos y Propietarios de Lozoyuela-Navas-Sieteiglesias estamos tratando sus datos personales, por lo que puede ejercer sus derechos de acceso, rectificaci\u00f3n, supresi\u00f3n y portabilidad de datos y oposici\u00f3n y limitaci\u00f3n a su tratamiento ante Asociaci\u00f3n de Vecinos y Propietarios de Lozoyuela-Navas-Sieteiglesias, Sendero de Vel\u00e1zquez 5, 28752-Lozoyuela (Madrid), adjuntando copia de su DNI o documento equivalente. Asimismo, y especialmente si considera que no ha obtenido satisfacci\u00f3n plena en el ejercicio de sus derechos, podr\u00e1 presentar una reclamaci\u00f3n ante la autoridad nacional de control dirigi\u00e9ndose a estos efectos a la Agencia Espa\u00f1ola de Protecci\u00f3n de Datos, C\/ Jorge Juan, 6 \u2013 28001 Madrid.\u201d<\/em><\/p>\n\n\n\n<div style=\"height:40px\" aria-hidden=\"true\" class=\"wp-block-spacer\"><\/div>\n\n\n\n<h4 class=\"wp-block-heading\"><strong>2. ATENCI\u00d3N DEL EJERCICIO DE DERECHOS<\/strong><\/h4>\n\n\n\n<p>El responsable del tratamiento informar\u00e1 a todos los usuarios acerca del procedimiento para atender los derechos de los interesados, definiendo de forma clara los mecanismos por los que pueden ejercerse los derechos (medios electr\u00f3nicos, referencia al Delegado de Protecci\u00f3n de Datos si lo hubiera, direcci\u00f3n postal, etc.) y teniendo en cuenta lo siguiente:<\/p>\n\n\n\n<p>Previa presentaci\u00f3n de su documento nacional de identidad o pasaporte, los titulares de los datos personales (interesados) podr\u00e1n ejercer sus derechos de acceso, rectificaci\u00f3n, supresi\u00f3n, oposici\u00f3n, portabilidad y limitaci\u00f3n del tratamiento. El ejercicio de los derechos es gratuito.<\/p>\n\n\n\n<p>El responsable del tratamiento deber\u00e1 dar respuesta a los interesados sin dilaci\u00f3n indebida y de forma concisa, transparente, inteligible, con un lenguaje claro y sencillo y conservar la prueba del cumplimiento del deber de responder a las solicitudes de ejercicio de derechos formuladas.<\/p>\n\n\n\n<p>Si la solicitud se presenta por medios electr\u00f3nicos, la informaci\u00f3n se facilitar\u00e1 por estos medios cuando sea posible, salvo que el interesado solicite que sea de otro modo.<\/p>\n\n\n\n<p>Las solicitudes deben responderse en el plazo de 1 mes desde su recepci\u00f3n, pudiendo prorrogarse en otros dos meses teniendo en cuenta la complejidad o el n\u00famero de solicitudes, pero en ese caso debe informarse al interesado de la pr\u00f3rroga en el plazo de un mes a partir de la recepci\u00f3n de la solicitud, indicando los motivos de la dilaci\u00f3n.<\/p>\n\n\n\n<div style=\"height:32px\" aria-hidden=\"true\" class=\"wp-block-spacer\"><\/div>\n\n\n\n<h5 class=\"wp-block-heading\">2.1 DERECHO DE ACCESO<\/h5>\n\n\n\n<p>En el derecho de acceso se facilitar\u00e1 a los interesados copia de los datos personales de los que se disponga junto con la finalidad para la que han sido recogidos, la identidad de los destinatarios de los datos, los plazos de conservaci\u00f3n previstos o el criterio utilizado para determinarlo, la existencia del derecho a solicitar la rectificaci\u00f3n o supresi\u00f3n de datos personales as\u00ed como la limitaci\u00f3n o la oposici\u00f3n a su tratamiento, el derecho a presentar una reclamaci\u00f3n ante la Agencia Espa\u00f1ola de Protecci\u00f3n de Datos y si los datos no han sido obtenidos del interesado, cualquier informaci\u00f3n disponibles sobre su origen. El derecho a obtener copia de los datos <strong>no puede afectar negativamente<\/strong> a los derechos y libertades de otros interesados.<\/p>\n\n\n\n<p><a rel=\"noreferrer noopener\" href=\"https:\/\/www.aepd.es\/media\/formularios\/formulario-derecho-de-acceso.pdf\" target=\"_blank\">Formulario para el ejercicio del derecho de acceso<\/a><\/p>\n\n\n\n<div style=\"height:32px\" aria-hidden=\"true\" class=\"wp-block-spacer\"><\/div>\n\n\n\n<h5 class=\"wp-block-heading\">2.2 DERECHO DE RECTIFICACI\u00d3N<\/h5>\n\n\n\n<p>En el derecho de rectificaci\u00f3n se proceder\u00e1 a modificar los datos de los interesados que fueran inexactos o incompletos atendiendo a los fines del tratamiento. El interesado deber\u00e1 indicar en la solicitud a qu\u00e9 datos se refiere y la correcci\u00f3n que haya de realizarse, aportando, cuando sea preciso, la documentaci\u00f3n justificativa de la inexactitud o car\u00e1cter incompleto de los datos objeto de tratamiento. Si los datos han sido comunicados por el responsable a otros responsables, deber\u00e1 notificarles la rectificaci\u00f3n de estos salvo que sea imposible o exija un esfuerzo desproporcionado, facilitando al interesado informaci\u00f3n acerca de dichos destinatarios, si as\u00ed lo solicita.<\/p>\n\n\n\n<p><a rel=\"noreferrer noopener\" href=\"https:\/\/www.aepd.es\/media\/formularios\/formulario-derecho-de-rectificacion.pdf\" target=\"_blank\">Formulario para el ejercicio del derecho de rectificaci\u00f3n<\/a><\/p>\n\n\n\n<div style=\"height:32px\" aria-hidden=\"true\" class=\"wp-block-spacer\"><\/div>\n\n\n\n<h5 class=\"wp-block-heading\">2.3 DERECHO DE SUPRESI\u00d3N<\/h5>\n\n\n\n<div class=\"wp-block-group\"><div class=\"wp-block-group__inner-container is-layout-flow wp-block-group-is-layout-flow\">\n<div class=\"wp-block-columns is-layout-flex wp-container-core-columns-is-layout-9d6595d7 wp-block-columns-is-layout-flex\">\n<div class=\"wp-block-column is-layout-flow wp-block-column-is-layout-flow\" style=\"flex-basis:100%\">\n<p>En el derecho de supresi\u00f3n se eliminar\u00e1n los datos de los interesados cuando estos manifiesten su negativa al tratamiento y no exista una base legal que lo impida, no sean necesarios en relaci\u00f3n con los fines para los que fueron recogidos, retiren el consentimiento prestado y no haya otra base legal que legitime el tratamiento o \u00e9ste sea il\u00edcito. Si la supresi\u00f3n deriva del ejercicio del derecho de oposici\u00f3n del interesado al tratamiento de sus datos con fines de mercadotecnia, pueden conservarse los datos identificativos del interesado con el fin de impedir futuros tratamientos. Si los datos han sido comunicados por el responsable a otros responsables, deber\u00e1 notificarles la supresi\u00f3n de estos salvo que sea imposible o exija un esfuerzo desproporcionado, facilitando al interesado informaci\u00f3n acerca de dichos destinatarios, si as\u00ed lo solicita.<\/p>\n<\/div>\n<\/div>\n<\/div><\/div>\n\n\n\n<p><a rel=\"noreferrer noopener\" href=\"https:\/\/www.aepd.es\/media\/formularios\/formulario-derecho-de-supresion.pdf\" target=\"_blank\">Formulario para el ejercicio del derecho de supresi\u00f3n<\/a><\/p>\n\n\n\n<div style=\"height:32px\" aria-hidden=\"true\" class=\"wp-block-spacer\"><\/div>\n\n\n\n<h5 class=\"wp-block-heading\">2.4 DERECHO DE OPOSICI\u00d3N<\/h5>\n\n\n\n<p>En el derecho de oposici\u00f3n, cuando los interesados manifiesten su negativa al tratamiento de sus datos personales ante el responsable, este dejar\u00e1 de procesarlos siempre que no exista una obligaci\u00f3n legal que lo impida. Cuando el tratamiento est\u00e9 basado en una misi\u00f3n de inter\u00e9s p\u00fablico o en el inter\u00e9s leg\u00edtimo del responsable, ante una solicitud de ejercicio del derecho de oposici\u00f3n, el responsable dejar\u00e1 de tratar los datos salvo que se acrediten motivos imperiosos que prevalezcan sobre los intereses, derechos y libertades del interesado o sean necesarios para la formulaci\u00f3n, ejercicio o defensa de reclamaciones. Si el interesado se opone al tratamiento con fines de mercadotecnia directa, los datos personales dejar\u00e1n de ser tratados para estos fines.<\/p>\n\n\n\n<p><a rel=\"noreferrer noopener\" href=\"https:\/\/www.aepd.es\/media\/formularios\/formulario-derecho-de-oposicion.pdf\" target=\"_blank\">Formulario para el ejercicio del derecho de oposici\u00f3n<\/a><\/p>\n\n\n\n<div style=\"height:32px\" aria-hidden=\"true\" class=\"wp-block-spacer\"><\/div>\n\n\n\n<h5 class=\"wp-block-heading\">2.5 DERECHO DE PORTABILIDAD<\/h5>\n\n\n\n<p>En el derecho de portabilidad, si el tratamiento se efect\u00faa por medios automatizados y se basa en el consentimiento o se realiza en el marco de un contrato, los interesados pueden solicitar recibir copia de sus datos personales en un formato estructurado, de uso com\u00fan y lectura mec\u00e1nica. Asimismo, tienen derecho a solicitar que sean transmitidos directamente a un nuevo responsable, cuya identidad deber\u00e1 ser comunicada, cuando sea t\u00e9cnicamente posible.<\/p>\n\n\n\n<p><a rel=\"noreferrer noopener\" href=\"https:\/\/www.aepd.es\/media\/formularios\/formulario-derecho-de-portabilidad.pdf\" target=\"_blank\">Formulario para el ejercicio de la portabilidad de los datos<\/a><\/p>\n\n\n\n<div style=\"height:32px\" aria-hidden=\"true\" class=\"wp-block-spacer\"><\/div>\n\n\n\n<h5 class=\"wp-block-heading\">2.6 DERECHO DE LIMITACI\u00d3N AL TRATAMIENTO<\/h5>\n\n\n\n<p>En el derecho de limitaci\u00f3n del tratamiento, los interesados pueden solicitar la suspensi\u00f3n del tratamiento de sus datos para impugnar su exactitud mientras el responsable realiza las verificaciones necesarias o en el caso de que el tratamiento se realice en base al inter\u00e9s leg\u00edtimo del responsable o en cumplimiento de una misi\u00f3n de inter\u00e9s p\u00fablico, mientras se verifica si estos motivos prevalecen sobre los intereses, derechos y libertades del interesado. El interesado tambi\u00e9n puede solicitar la conservaci\u00f3n de los datos si considera que el tratamiento es il\u00edcito y, en lugar de la supresi\u00f3n, solicita la limitaci\u00f3n del tratamiento, o si aun no necesit\u00e1ndolos ya el responsable para los fines para los que fueron recabados, el interesado los necesita para la formulaci\u00f3n, ejercicio o defensa de reclamaciones. La circunstancia de que el tratamiento de los datos del interesado est\u00e9 limitado <strong>deber\u00e1 constar claramente en los sistemas<\/strong> del responsable. Si los datos han sido comunicados por el responsable a otros responsables, deber\u00e1 notificarles la limitaci\u00f3n del tratamiento de estos salvo que sea imposible o exija un esfuerzo desproporcionado, facilitando al interesado informaci\u00f3n acerca de dichos destinatarios, si as\u00ed lo solicita.<\/p>\n\n\n\n<p><a rel=\"noreferrer noopener\" href=\"https:\/\/www.aepd.es\/media\/formularios\/formulario-derecho-de-limitacion.pdf\" target=\"_blank\">Formulario para el ejercicio de la limitaci\u00f3n del tratamiento.<\/a><\/p>\n\n\n\n<div style=\"height:16px\" aria-hidden=\"true\" class=\"wp-block-spacer\"><\/div>\n\n\n\n<hr class=\"wp-block-separator\"\/>\n\n\n\n<p>Si no se da curso a la solicitud del interesado, el responsable del tratamiento le informar\u00e1, sin dilaci\u00f3n y a m\u00e1s tardar transcurrido un mes desde la recepci\u00f3n de esta, de las razones de su no actuaci\u00f3n y de la posibilidad de presentar una reclamaci\u00f3n ante la Agencia Espa\u00f1ola de Protecci\u00f3n de Datos y de ejercitar acciones judiciales.<\/p>\n\n\n\n<div style=\"height:40px\" aria-hidden=\"true\" class=\"wp-block-spacer\"><\/div>\n\n\n\n<h4 class=\"wp-block-heading\"><strong>3. MEDIDAS DE SEGURIDAD<\/strong><\/h4>\n\n\n\n<p>Todos los miembros con acceso a los datos personales deber\u00e1 tener conocimiento de sus obligaciones con relaci\u00f3n a los tratamientos de datos personales y ser\u00e1n informados acerca de dichas obligaciones. La informaci\u00f3n m\u00ednima que ser\u00e1 conocida por todo el personal ser\u00e1 la siguiente:<\/p>\n\n\n\n<div style=\"height:32px\" aria-hidden=\"true\" class=\"wp-block-spacer\"><\/div>\n\n\n\n<h5 class=\"wp-block-heading\"><strong>3.1 DEBER DE CONFIDENCIALIDAD Y SECRETO<\/strong><\/h5>\n\n\n\n<p><\/p>\n\n\n\n<ul class=\"wp-block-list\"><li>Se deber\u00e1 evitar el acceso de personas no autorizadas a los datos personales. A tal fin se evitar\u00e1 dejar los datos personales expuestos a terceros (pantallas electr\u00f3nicas desatendidas, documentos en papel en zonas de acceso p\u00fablico, soportes con datos personales, etc.). Esta consideraci\u00f3n incluye las pantallas que se utilicen para la visualizaci\u00f3n de im\u00e1genes del sistema de videovigilancia. Cuando se ausente del puesto de trabajo, se proceder\u00e1 al bloqueo de la pantalla o al cierre de la sesi\u00f3n.<\/li><li>Los documentos en papel y soportes electr\u00f3nicos se almacenar\u00e1n en lugar seguro (armarios o estancias de acceso restringido) durante las 24 horas del d\u00eda.<\/li><li>No se desechar\u00e1n documentos o soportes electr\u00f3nicos (cd, pen drives, discos duros, etc.) con datos personales sin garantizar su destrucci\u00f3n efectiva<\/li><li>No se comunicar\u00e1n datos personales o cualquier otra informaci\u00f3n de car\u00e1cter personal a terceros, prestando especial atenci\u00f3n a no divulgar datos personales protegidos durante las consultas telef\u00f3nicas, correos electr\u00f3nicos, etc.<\/li><li>El deber de secreto y confidencialidad persiste incluso cuando finalice la relaci\u00f3n con la asociaci\u00f3n.<\/li><\/ul>\n\n\n\n<div style=\"height:32px\" aria-hidden=\"true\" class=\"wp-block-spacer\"><\/div>\n\n\n\n<h5 class=\"wp-block-heading\"><strong>3.2 VIOLACIONES DE SEGURIDAD DE DATOS DE CAR\u00c1CTER PERSONAL<\/strong><\/h5>\n\n\n\n<p>Cuando se produzcan violaciones de seguridad de datos de car\u00e1cter personal como, por ejemplo, el robo o acceso indebido a los datos personales se notificar\u00e1 a la Agencia Espa\u00f1ola de Protecci\u00f3n de Datos en t\u00e9rmino de 72 horas acerca de dichas violaciones de seguridad, incluyendo toda la informaci\u00f3n necesaria para el esclarecimiento de los hechos que hubieran dado lugar al acceso indebido a los datos personales. La notificaci\u00f3n se realizar\u00e1 por medios electr\u00f3nicos a trav\u00e9s de la sede electr\u00f3nica de la Agencia Espa\u00f1ola de Protecci\u00f3n de Datos en la direcci\u00f3n <a href=\"https:\/\/sedeagpd.gob.es\/sede-electronica-web\/\">https:\/\/sedeagpd.gob.es\/sede-electronica-web\/<\/a>.<\/p>\n\n\n\n<p><\/p>\n\n\n\n<p>Para mayor detalle puede consutarse el siguiente anexo<\/p>\n\n\n\n<div class=\"wp-block-file\"><a href=\"https:\/\/vecinosypropietarios.org\/wp-content\/uploads\/2021\/07\/Documentacion-Registro-General-de-Proteccion-de-Datos-RGPD.pdf\">Documentacion-Registro-General-de-Proteccion-de-Datos-RGPD<\/a><a href=\"https:\/\/vecinosypropietarios.org\/wp-content\/uploads\/2021\/07\/Documentacion-Registro-General-de-Proteccion-de-Datos-RGPD.pdf\" class=\"wp-block-file__button\" download>Descarga<\/a><\/div>\n","protected":false},"excerpt":{"rendered":"<p>1. INFORMACI\u00d3N DE INTER\u00c9S GENERAL Datos del responsable del tratamiento: Asociaci\u00f3n de Vecinos y Propietarios de Lozoyuela-Navas-Sieteiglesias &#8211; NIF: G88637863 Registro de Asociaciones de la Comunidad de Madrid, Secci\u00f3n primera, n\u00famero 39.597&nbsp; Sendero de&#46;&#46;&#46;<\/p>\n","protected":false},"author":1,"featured_media":0,"parent":0,"menu_order":0,"comment_status":"closed","ping_status":"closed","template":"","meta":{"_seopress_robots_primary_cat":"","_seopress_titles_title":"","_seopress_titles_desc":"","_seopress_robots_index":"","footnotes":""},"class_list":["post-120","page","type-page","status-publish","hentry"],"_links":{"self":[{"href":"https:\/\/vecinosypropietarios.org\/index.php?rest_route=\/wp\/v2\/pages\/120","targetHints":{"allow":["GET"]}}],"collection":[{"href":"https:\/\/vecinosypropietarios.org\/index.php?rest_route=\/wp\/v2\/pages"}],"about":[{"href":"https:\/\/vecinosypropietarios.org\/index.php?rest_route=\/wp\/v2\/types\/page"}],"author":[{"embeddable":true,"href":"https:\/\/vecinosypropietarios.org\/index.php?rest_route=\/wp\/v2\/users\/1"}],"replies":[{"embeddable":true,"href":"https:\/\/vecinosypropietarios.org\/index.php?rest_route=%2Fwp%2Fv2%2Fcomments&post=120"}],"version-history":[{"count":15,"href":"https:\/\/vecinosypropietarios.org\/index.php?rest_route=\/wp\/v2\/pages\/120\/revisions"}],"predecessor-version":[{"id":271,"href":"https:\/\/vecinosypropietarios.org\/index.php?rest_route=\/wp\/v2\/pages\/120\/revisions\/271"}],"wp:attachment":[{"href":"https:\/\/vecinosypropietarios.org\/index.php?rest_route=%2Fwp%2Fv2%2Fmedia&parent=120"}],"curies":[{"name":"wp","href":"https:\/\/api.w.org\/{rel}","templated":true}]}}