{"id":38,"date":"2021-02-21T17:02:16","date_gmt":"2021-02-21T16:02:16","guid":{"rendered":"https:\/\/vecinosypropietarios.org\/?page_id=38"},"modified":"2024-06-22T08:58:40","modified_gmt":"2024-06-22T07:58:40","slug":"la-asociacion-de-vecinos-y-propietarios-de-lozoyuela-navas-sieteiglesias-en-adelante-avp-esta-inscrita-en-el-registro-de-asociaciones-municipal-del-ayuntamiento-de-lozoyuela-navas-sieteiglesias-as","status":"publish","type":"page","link":"https:\/\/vecinosypropietarios.org\/?page_id=38","title":{"rendered":"Acerca de"},"content":{"rendered":"\n<figure class=\"wp-block-image size-large\"><img loading=\"lazy\" decoding=\"async\" width=\"1024\" height=\"914\" src=\"https:\/\/vecinosypropietarios.org\/wp-content\/uploads\/2021\/03\/3-1024x914.jpg\" alt=\"\" class=\"wp-image-87\" srcset=\"https:\/\/vecinosypropietarios.org\/wp-content\/uploads\/2021\/03\/3-1024x914.jpg 1024w, https:\/\/vecinosypropietarios.org\/wp-content\/uploads\/2021\/03\/3-300x268.jpg 300w, https:\/\/vecinosypropietarios.org\/wp-content\/uploads\/2021\/03\/3-768x685.jpg 768w, https:\/\/vecinosypropietarios.org\/wp-content\/uploads\/2021\/03\/3-1536x1371.jpg 1536w, https:\/\/vecinosypropietarios.org\/wp-content\/uploads\/2021\/03\/3.jpg 1600w\" sizes=\"auto, (max-width: 1024px) 100vw, 1024px\" \/><\/figure>\n\n\n\n<p>Para cualquier cuesti\u00f3n relativa a los contenidos de la p\u00e1gina dir\u00edgase a <strong><a rel=\"noreferrer noopener\" href=\"mailto:info@vecinosypropietarios.org\" target=\"_blank\">info@vecinosypropietarios.org<\/a><\/strong><\/p>\n\n\n\n<p>La Asociaci\u00f3n de Vecinos y Propietarios de Lozoyuela-Navas-Sieteiglesias (en adelante, AVP) est\u00e1 inscrita en el registro de asociaciones municipal del Ayuntamiento de Lozoyuela-Navas-Sieteiglesias, as\u00ed como el de la Comunidad de Madrid.<\/p>\n\n\n\n<figure class=\"wp-block-gallery has-nested-images columns-default is-cropped wp-block-gallery-1 is-layout-flex wp-block-gallery-is-layout-flex\">\n<figure class=\"wp-block-image size-large\"><img loading=\"lazy\" decoding=\"async\" width=\"724\" height=\"1024\" data-id=\"39\" src=\"https:\/\/vecinosypropietarios.org\/wp-content\/uploads\/2021\/02\/1-1-724x1024.jpg\" alt=\"\" class=\"wp-image-39\" srcset=\"https:\/\/vecinosypropietarios.org\/wp-content\/uploads\/2021\/02\/1-1-724x1024.jpg 724w, https:\/\/vecinosypropietarios.org\/wp-content\/uploads\/2021\/02\/1-1-212x300.jpg 212w, https:\/\/vecinosypropietarios.org\/wp-content\/uploads\/2021\/02\/1-1-768x1087.jpg 768w, https:\/\/vecinosypropietarios.org\/wp-content\/uploads\/2021\/02\/1-1.jpg 827w\" sizes=\"auto, (max-width: 724px) 100vw, 724px\" \/><\/figure>\n\n\n\n<figure class=\"wp-block-image size-large\"><img loading=\"lazy\" decoding=\"async\" width=\"724\" height=\"1024\" data-id=\"40\" src=\"https:\/\/vecinosypropietarios.org\/wp-content\/uploads\/2021\/02\/2-1-724x1024.jpg\" alt=\"\" class=\"wp-image-40\" srcset=\"https:\/\/vecinosypropietarios.org\/wp-content\/uploads\/2021\/02\/2-1-724x1024.jpg 724w, https:\/\/vecinosypropietarios.org\/wp-content\/uploads\/2021\/02\/2-1-212x300.jpg 212w, https:\/\/vecinosypropietarios.org\/wp-content\/uploads\/2021\/02\/2-1-768x1086.jpg 768w, https:\/\/vecinosypropietarios.org\/wp-content\/uploads\/2021\/02\/2-1-1086x1536.jpg 1086w, https:\/\/vecinosypropietarios.org\/wp-content\/uploads\/2021\/02\/2-1.jpg 1240w\" sizes=\"auto, (max-width: 724px) 100vw, 724px\" \/><\/figure>\n\n\n\n<figure class=\"wp-block-image size-large\"><img loading=\"lazy\" decoding=\"async\" width=\"724\" height=\"1024\" data-id=\"41\" src=\"https:\/\/vecinosypropietarios.org\/wp-content\/uploads\/2021\/02\/3-1-724x1024.jpg\" alt=\"\" class=\"wp-image-41\" srcset=\"https:\/\/vecinosypropietarios.org\/wp-content\/uploads\/2021\/02\/3-1-724x1024.jpg 724w, https:\/\/vecinosypropietarios.org\/wp-content\/uploads\/2021\/02\/3-1-212x300.jpg 212w, https:\/\/vecinosypropietarios.org\/wp-content\/uploads\/2021\/02\/3-1-768x1086.jpg 768w, https:\/\/vecinosypropietarios.org\/wp-content\/uploads\/2021\/02\/3-1-1086x1536.jpg 1086w, https:\/\/vecinosypropietarios.org\/wp-content\/uploads\/2021\/02\/3-1.jpg 1240w\" sizes=\"auto, (max-width: 724px) 100vw, 724px\" \/><\/figure>\n<\/figure>\n\n\n\n<p>Los estatutos por los que se rige la AVP son los siguientes:<\/p>\n\n\n\n<p><strong>ESTATUTOS DE LA \u201cASOCIACI\u00d3N DE VECINOS Y PROPIETARIOS DE LOZOYUELA-NAVAS-SIETEIGLESIAS\u201d<\/strong><\/p>\n\n\n\n<p><strong>CAPITULO I<\/strong><\/p>\n\n\n\n<p><strong>DENOMINACI\u00d3N, FINES, DOMICILIO, Y \u00c1MBITO<\/strong><\/p>\n\n\n\n<p><strong>ART\u00cdCULO 1.- Denominaci\u00f3n.<\/strong><\/p>\n\n\n\n<p>La \u201cAsociaci\u00f3n de Vecinos y Propietarios de Lozoyuela-Navas-Sieteiglesias\u201d se constituye por tiempo indefinido en el ayuntamiento de Lozoyuela-Navas-Sieteiglesias, una asociaci\u00f3n al amparo de la Ley Org\u00e1nica 1\/2002, de 22 de marzo, reguladora del Derecho de Asociaci\u00f3n y normas complementarias, con capacidad jur\u00eddica y plena capacidad de obrar careciendo de \u00e1nimo de lucro. Se inscribir\u00e1 en el Registro General de Asociaciones de la Comunidad de Madrid as\u00ed como en el Registro Municipal de Asociaciones del Ayuntamiento de Lozoyuela-Navas-Sieteiglesias.<\/p>\n\n\n\n<p><strong>ART\u00cdCULO 2.- Fines.<\/strong><\/p>\n\n\n\n<p>La asociaci\u00f3n tiene los siguientes fines:<\/p>\n\n\n\n<ol class=\"wp-block-list\" type=\"1\">\n<li>Mejorar las condiciones de vida de los habitantes de Lozoyuela-Navas-Sieteiglesias.<\/li>\n\n\n\n<li>Organizar a los vecinos y propietarios de estos n\u00facleos para la mejor defensa y representaci\u00f3n de su territorio.<\/li>\n\n\n\n<li>Representar los intereses de los vecinos y propietarios de Lozoyuela-Navas-Sieteiglesias ante las administraciones, instituciones o entidades.<\/li>\n\n\n\n<li>Potenciar la participaci\u00f3n vecinal en los distintos organismos con incidencia en Lozoyuela-Navas-Sieteiglesias.<\/li>\n\n\n\n<li>Promover el desarrollo social y econ\u00f3mico de Lozoyuela-Navas-Sieteiglesias. Esta asociaci\u00f3n tiene car\u00e1cter vecinal (permanente o no), siendo independiente de cualquier otro grupo pol\u00edtico, religioso, sindical o econ\u00f3mico.<\/li>\n<\/ol>\n\n\n\n<p><strong>ART\u00cdCULO 3.- Actividades.<\/strong><\/p>\n\n\n\n<p>Para el cumplimiento de estos fines se realizar\u00e1n las siguientes actividades:<\/p>\n\n\n\n<ol class=\"wp-block-list\" type=\"1\">\n<li>Organizaci\u00f3n de actos p\u00fablicos sobre aspectos que tengan incidencia en la vida del pueblo que compone el \u00e1mbito de la Asociaci\u00f3n.\n<ol class=\"wp-block-list\">\n<li>Celebraci\u00f3n de actividades culturales, divulgativas o festivas.<\/li>\n\n\n\n<li>Participaci\u00f3n en los \u00f3rganos municipales de representaci\u00f3n vecinal y cuantos organismos o entidades tengan relaci\u00f3n con el pueblo que compone el \u00e1mbito de la Asociaci\u00f3n.<\/li>\n\n\n\n<li>Denunciar las carencias y problemas que afecten a la vida comunitaria de Lozoyuela-Navas-Sieteiglesias<\/li>\n\n\n\n<li>Organizar actividades que promuevan la convivencia entre los vecinos y vecinas del mismo.<\/li>\n\n\n\n<li>Coordinarse con otras asociaciones de los municipios para un mejor desarrollo de nuestros fines.<\/li>\n\n\n\n<li>Participar en cuantos foros, comisiones, grupos de trabajo o plataformas que trabajen en mejorar nuestros pueblos o en el desarrollo del movimiento vecinal.<\/li>\n\n\n\n<li>Realizar actos de presi\u00f3n, denuncia,&#8230; para la defensa de los fines de esta asociaci\u00f3n.<\/li>\n\n\n\n<li>Participar en las actividades del movimiento vecinal de Lozoyuela-Navas-Sieteiglesias o de otros \u00e1mbitos territoriales m\u00e1s amplios.<\/li>\n\n\n\n<li>Ser el veh\u00edculo de comunicaci\u00f3n entre usuarios y las instituciones y\/o empresas relacionadas con el municipio.<\/li>\n<\/ol>\n<\/li>\n<\/ol>\n\n\n\n<p><strong>ART\u00cdCULO 4.- Domicilio social.<\/strong><\/p>\n\n\n\n<p>La Asociaci\u00f3n establece el domicilio social provisional en 28752 Lozoyuela.<\/p>\n\n\n\n<p><strong>ART\u00cdCULO 5.- \u00c1mbito territorial.<\/strong><\/p>\n\n\n\n<p>En donde va a realizar principalmente sus actividades es la Comunidad de Madrid.<\/p>\n\n\n\n<p>Los presentes Estatutos ser\u00e1n cumplidos mediante los acuerdos que v\u00e1lidamente adopten la Junta Directiva y la Asamblea General, dentro de sus respectivas competencias.<\/p>\n\n\n\n<p><strong>CAP\u00cdTULO II<\/strong><\/p>\n\n\n\n<p><strong>&nbsp;&nbsp;&nbsp;&nbsp;&nbsp;&nbsp;&nbsp;&nbsp;&nbsp;&nbsp;&nbsp;&nbsp;&nbsp;&nbsp;&nbsp;&nbsp;&nbsp;&nbsp;&nbsp;&nbsp;&nbsp;&nbsp;&nbsp;&nbsp;&nbsp;&nbsp;&nbsp;&nbsp;&nbsp;&nbsp;&nbsp;&nbsp;&nbsp;&nbsp;&nbsp;&nbsp;&nbsp;&nbsp;&nbsp;&nbsp;&nbsp; \u00d3RGANOS DE LA ASOCIACI\u00d3N<\/strong><\/p>\n\n\n\n<p><strong>ART\u00cdCULO 6.- \u00d3rganos de gobierno y representaci\u00f3n de la Asociaci\u00f3n<\/strong><\/p>\n\n\n\n<p>Los \u00f3rganos de gobierno y representaci\u00f3n de la Asociaci\u00f3n son, respectivamente, la Asamblea General y la Junta Directiva.<\/p>\n\n\n\n<p>&nbsp;&nbsp;&nbsp;&nbsp;&nbsp;&nbsp;&nbsp;&nbsp;&nbsp;&nbsp;&nbsp;&nbsp;&nbsp;&nbsp;&nbsp;&nbsp;&nbsp;&nbsp;&nbsp;&nbsp;&nbsp;&nbsp;&nbsp;&nbsp;&nbsp;&nbsp;&nbsp;&nbsp;&nbsp;&nbsp;&nbsp;&nbsp;&nbsp;&nbsp;&nbsp;&nbsp;&nbsp;&nbsp;&nbsp;&nbsp;&nbsp;&nbsp;&nbsp;&nbsp;&nbsp;&nbsp;&nbsp;&nbsp;&nbsp;&nbsp;&nbsp;&nbsp;&nbsp;&nbsp;&nbsp;&nbsp;&nbsp;&nbsp;&nbsp; <strong>CAP\u00cdTULO III<\/strong><\/p>\n\n\n\n<p><strong>&nbsp;&nbsp;&nbsp;&nbsp;&nbsp;&nbsp;&nbsp;&nbsp;&nbsp;&nbsp;&nbsp;&nbsp;&nbsp;&nbsp;&nbsp;&nbsp;&nbsp;&nbsp;&nbsp;&nbsp;&nbsp;&nbsp;&nbsp;&nbsp;&nbsp;&nbsp;&nbsp;&nbsp;&nbsp;&nbsp;&nbsp;&nbsp;&nbsp;&nbsp;&nbsp;&nbsp;&nbsp;&nbsp;&nbsp;&nbsp;&nbsp;&nbsp;&nbsp;&nbsp;&nbsp;&nbsp;&nbsp;&nbsp;&nbsp; ASAMBLEA GENERAL<\/strong><\/p>\n\n\n\n<p><strong>ART\u00cdCULO 7.- Naturaleza.<\/strong><\/p>\n\n\n\n<p>La Asamblea General es el \u00f3rgano supremode gobierno de la Asociaci\u00f3n y estar\u00e1 integrada por todos los asociados.<\/p>\n\n\n\n<p><strong>ART\u00cdCULO 8.- Reuniones<\/strong><\/p>\n\n\n\n<p>Las reuniones de la Asamblea General se celebrar\u00e1n, al menos, 1 vez al a\u00f1o. Teniendo el car\u00e1cter de extraordinaria cuando lo solicite un n\u00famero de asociados igual o superior al 10%.<\/p>\n\n\n\n<p><strong>ART\u00cdCULO 9.- Convocatorias<\/strong><\/p>\n\n\n\n<p>Las convocatorias de las Asambleas Generales, tanto ordinarias como extraordinarias, se har\u00e1n por escrito, expresando el lugar, d\u00eda y hora de la reuni\u00f3n, as\u00ed como el orden del d\u00eda. Entre la convocatoria y el d\u00eda se\u00f1alado para la celebraci\u00f3n de la Asamblea en primera convocatoria habr\u00e1n de mediar al menos 7 d\u00edas, pudiendo as\u00ed mismo hacerse constar si procediera la fecha en que se reunir\u00e1 la Asamblea en segunda convocatoria, sin que entre una convocatoria y otra pueda mediar un plazo inferior a 30 minutos.<\/p>\n\n\n\n<p>Por razones de urgencia, podr\u00e1n reducirse los mencionados plazos.<\/p>\n\n\n\n<p><strong>ART\u00cdCULO 10.- Qu\u00f3rum de validez de constituci\u00f3n y qu\u00f3rum de adopci\u00f3n de acuerdos.<\/strong><\/p>\n\n\n\n<p>Las Asambleas Generales, tanto ordinarias como extraordinarias, quedar\u00e1n <strong>v\u00e1lidamente constituidas<\/strong> cuando concurran a ellas, presentes o representados,&nbsp; al menos&nbsp; 1\/3 de los asociados con derecho a voto.<\/p>\n\n\n\n<p>Los <strong>acuerdos<\/strong> se tomar\u00e1n por mayor\u00eda simple de votos de las personas presentes o representadas, salvo en los supuestos de modificaci\u00f3n de estatutos, disoluci\u00f3n de la asociaci\u00f3n, disposici\u00f3n o enajenaci\u00f3n de bienes o remuneraci\u00f3n de los miembros de la Junta Directiva, en los que ser\u00e1 necesaria una mayor\u00eda cualificada 2\/3 de votos de las personas presentes o representadas, decidiendo en caso de empate el voto de calidad del Presidente, o de quien haga las veces.<\/p>\n\n\n\n<p><strong>ART\u00cdCULO 11.- Facultades de la Asamblea General.<\/strong><\/p>\n\n\n\n<p>Son facultades de la Asamblea General:<\/p>\n\n\n\n<ol class=\"wp-block-list\" type=\"a\">\n<li>Nombramiento de la Junta Directiva y sus cargos, administradores y representantes, as\u00ed como sus socios de honor.<\/li>\n\n\n\n<li>Examinar y aprobar los presupuestos anuales y las cuentas.<\/li>\n\n\n\n<li>Aprobar, en su caso, la gesti\u00f3n de la Junta Directiva.<\/li>\n\n\n\n<li>Fijar las cuotas ordinarias o extraordinarias.<\/li>\n\n\n\n<li>Acuerdo para constituir una Federaci\u00f3n de Asociaciones o integrarse en alguna.<\/li>\n\n\n\n<li>Expulsi\u00f3n de socios a propuesta de la Junta Directiva.<\/li>\n\n\n\n<li>Solicitud de declaraci\u00f3n de utilidad p\u00fablica.<\/li>\n\n\n\n<li>Disposici\u00f3n y enajenaci\u00f3n de bienes por mayor\u00eda cualificada<\/li>\n\n\n\n<li>Aprobar el Reglamento de R\u00e9gimen Interior.<\/li>\n\n\n\n<li>Remuneraci\u00f3n, en su caso, de los miembros de la Junta Directiva<\/li>\n\n\n\n<li>La modificaci\u00f3n de los Estatutos (convocada al efecto y aprobaci\u00f3n de mayor\u00eda cualificada).<\/li>\n\n\n\n<li>La disoluci\u00f3n de la Asociaci\u00f3n (convocada al efecto y aprobada por mayor\u00eda cualificada).<\/li>\n<\/ol>\n\n\n\n<p>&nbsp;&nbsp;&nbsp;&nbsp;&nbsp;&nbsp;&nbsp;&nbsp;&nbsp;&nbsp;&nbsp;&nbsp;&nbsp;&nbsp;&nbsp;&nbsp;&nbsp;&nbsp;&nbsp;&nbsp;&nbsp;&nbsp;&nbsp;&nbsp;&nbsp;&nbsp;&nbsp;&nbsp;&nbsp;&nbsp;&nbsp;&nbsp;&nbsp;&nbsp;&nbsp;&nbsp;&nbsp;&nbsp;&nbsp;&nbsp;&nbsp;&nbsp;&nbsp;&nbsp;&nbsp;&nbsp;&nbsp;&nbsp;&nbsp;&nbsp;&nbsp;&nbsp;&nbsp;&nbsp;&nbsp;&nbsp;&nbsp;&nbsp;&nbsp; <strong>CAP\u00cdTULO IV<\/strong><\/p>\n\n\n\n<p><strong>&nbsp;&nbsp;&nbsp;&nbsp;&nbsp;&nbsp;&nbsp;&nbsp;&nbsp;&nbsp;&nbsp;&nbsp;&nbsp;&nbsp;&nbsp;&nbsp;&nbsp;&nbsp;&nbsp;&nbsp;&nbsp;&nbsp;&nbsp;&nbsp;&nbsp;&nbsp;&nbsp;&nbsp;&nbsp;&nbsp;&nbsp;&nbsp;&nbsp;&nbsp;&nbsp;&nbsp;&nbsp;&nbsp;&nbsp;&nbsp;&nbsp;&nbsp;&nbsp;&nbsp;&nbsp;&nbsp;&nbsp;&nbsp;&nbsp;&nbsp;&nbsp;&nbsp;&nbsp; JUNTA DIRECTIVA<\/strong><\/p>\n\n\n\n<p><strong>ART\u00cdCULO<\/strong><strong> 12.- Naturaleza y composici\u00f3n.<\/strong><\/p>\n\n\n\n<p>La Junta Directiva es el \u00f3rgano de representaci\u00f3n que gestiona y representa los intereses de la Asociaci\u00f3n de acuerdo con las disposiciones y directivas de la Asamblea General. Estar\u00e1 formada por un Presidente, un Secretario, y en su caso un Vicepresidente, un Tesorero y Vocales designados por la Asamblea General entre los asociados mayores de edad, en pleno uso de sus derechos civiles que no est\u00e9n incursos en motivos de incompatibilidad legalmente establecidos. Su mandato tendr\u00e1 una <strong>duraci\u00f3n<\/strong> de 2 a\u00f1os (<em>se recuerda que cada vez que venza el mandato de la Junta Directiva deber\u00e1n proceder a la inscripci\u00f3n en el registro de la nueva Junta en el plazo de 1 mes<\/em>).<\/p>\n\n\n\n<p>El Presidente, Vicepresidente y el Secretario de la Junta Directiva ser\u00e1n, asimismo,&nbsp; Presidente, Vicepresidente y Secretario de la Asociaci\u00f3n y de la Asamblea General.<\/p>\n\n\n\n<ul class=\"wp-block-list\">\n<li><em>Los cargos se desempe\u00f1an con car\u00e1cter gratuito.<\/em><\/li>\n<\/ul>\n\n\n\n<p><strong>ART\u00cdCULO<\/strong><strong> 13.- Procedimientos para la elecci\u00f3n y sustituci\u00f3n de miembros.<\/strong><\/p>\n\n\n\n<p>La elecci\u00f3n de los miembros de la Junta Directiva por la Asamblea General se realizar\u00e1 mediante la presentaci\u00f3n de candidaturas, a las que se les permitir\u00e1 la adecuada difusi\u00f3n, con una antelaci\u00f3n de&nbsp; 15&nbsp; d\u00edas (<em>duraci\u00f3n del periodo electoral previo a la reuni\u00f3n de la Asamblea que ha de designar a los miembros de la Junta Directiva<\/em>) a la celebraci\u00f3n de la correspondiente reuni\u00f3n.<\/p>\n\n\n\n<p>En caso de ausencia o enfermedad de alg\u00fan miembro de la Junta Directiva, podr\u00e1 ser suplido provisionalmente por otro de los componentes de \u00e9sta, previa designaci\u00f3n por mayor\u00eda de sus miembros, salvo en el caso del Presidente que ser\u00e1 sustituido por el Vicepresidente.<\/p>\n\n\n\n<p>Los miembros de la Junta Directiva cesar\u00e1n:<\/p>\n\n\n\n<p>a) Por transcurso del periodo de su mandatos.<\/p>\n\n\n\n<p>b) Por renuncia expresa.<\/p>\n\n\n\n<p>c) Por acuerdo de la Asamblea General.<\/p>\n\n\n\n<p><strong>ART\u00cdCULO<\/strong><strong> 14.- Reuniones y qu\u00f3rum de constituci\u00f3n y adopci\u00f3n de acuerdos.<\/strong><\/p>\n\n\n\n<p>La Junta Directiva se reunir\u00e1 previa convocatoria, debiendo mediar al menos&nbsp; tres d\u00edas entre \u00e9sta y su celebraci\u00f3n, cuantas veces lo determine su Presidente y a petici\u00f3n del 10% (<em> n\u00famero<\/em>) de sus miembros. Quedar\u00e1 constituida cuando asista la mitad m\u00e1s uno de sus miembros y para que sus acuerdos sean v\u00e1lidos deber\u00e1n ser adoptados por mayor\u00eda de votos. En caso de empate, ser\u00e1 de calidad el voto del Presidente o de quien haga sus veces.<\/p>\n\n\n\n<p><strong>ART\u00cdCULO<\/strong><strong> 15.- Facultades de la Junta Directiva.<\/strong><\/p>\n\n\n\n<p>Son facultades de la Junta Directiva:<\/p>\n\n\n\n<ol class=\"wp-block-list\" type=\"a\">\n<li>Dirigir las actividades sociales o relaciones institucionales y llevar la gesti\u00f3n econ\u00f3mica y administrativa de la Asociaci\u00f3n, acordando realizar los oportunos contratos y actos, sin perjuicio de lo dispuesto en el art\u00edculo 11, apartado h).<\/li>\n\n\n\n<li>Ejecutar los acuerdos de la Asamblea General.<\/li>\n\n\n\n<li>Elaborar y someter a la aprobaci\u00f3n de la Asamblea General los presupuestos anuales y&nbsp; las Cuentas.<\/li>\n\n\n\n<li>Elaborar, en su caso,&nbsp; el Reglamento de R\u00e9gimen Interior.<\/li>\n\n\n\n<li>Resolver sobre la admisi\u00f3n de nuevos asociados.<\/li>\n\n\n\n<li>Nombrar delegados para alguna determinada actividad de la Asociaci\u00f3n.<\/li>\n\n\n\n<li>Cualquiera otra facultad que no sea de la exclusiva competencia de la Asamblea General.<\/li>\n<\/ol>\n\n\n\n<p><strong>ART\u00cdCULO<\/strong><strong> 16.- El Presidente.<\/strong><\/p>\n\n\n\n<p>El Presidente tendr\u00e1 las siguientes atribuciones:<\/p>\n\n\n\n<ol class=\"wp-block-list\" type=\"a\">\n<li>Representar legalmente a la Asociaci\u00f3n ante toda clase de organismos p\u00fablicos o privados.<\/li>\n\n\n\n<li>Convocar, presidir y levantar las sesiones que celebre la Asamblea General y la Junta Directiva.<\/li>\n\n\n\n<li>Dirigir las deliberaciones de una y otra.<\/li>\n\n\n\n<li>Ordenar pagos y autorizar con su firma los documentos, actas y correspondencia.<\/li>\n\n\n\n<li>Adoptar cualquier medida urgente que la buena marcha de la Asociaci\u00f3n aconseje, resulte necesaria o conveniente para el desarrollo de sus actividades, sin perjuicio de dar cuenta posteriormente a la Junta Directiva.<\/li>\n<\/ol>\n\n\n\n<p><strong>ART\u00cdCULO<\/strong><strong> 17.- El Vicepresidente.<\/strong><\/p>\n\n\n\n<p>El Vicepresidente sustituir\u00e1 al Presidente en ausencia de \u00e9ste, motivada por enfermedad o cualquier otro motivo, y tendr\u00e1 las mismas atribuciones que \u00e9l.<\/p>\n\n\n\n<p><strong>ART\u00cdCULO<\/strong><strong> 18.- El Secretario.<\/strong><\/p>\n\n\n\n<p>El Secretario tendr\u00e1 a su cargo la direcci\u00f3n de los trabajos puramente administrativos de la Asociaci\u00f3n, <strong>expedir\u00e1 certificaciones<\/strong>, llevar\u00e1 los ficheros y custodiar\u00e1 la documentaci\u00f3n de la entidad, remitiendo en su caso, las comunicaciones a la Administraci\u00f3n, con los requisitos pertinentes.<strong><\/strong><\/p>\n\n\n\n<p><strong>ART\u00cdCULO<\/strong><strong> 19.- El Tesorero.<\/strong><\/p>\n\n\n\n<p>El Tesorero recaudar\u00e1 los fondos pertenecientes a la Asociaci\u00f3n y dar\u00e1 cumplimiento a las \u00f3rdenes de pago que expida el Presidente.<\/p>\n\n\n\n<p><strong>ART\u00cdCULO<\/strong><strong> 20.- Los Vocales.<\/strong><\/p>\n\n\n\n<p>Los Vocales tendr\u00e1n las obligaciones propias de su cargo como miembro de la Junta Directiva y as\u00ed como las que nazcan de las delegaciones o comisiones de trabajo que la propia Junta les encomiende.<\/p>\n\n\n\n<p><strong>CAP\u00cdTULO V<\/strong><\/p>\n\n\n\n<p><strong>LOS ASOCIADOS<\/strong><\/p>\n\n\n\n<p><strong>ART\u00cdCULO<\/strong><strong> 21.- Requisitos para asociarse.<\/strong><\/p>\n\n\n\n<p>Podr\u00e1n pertenecer a la Asociaci\u00f3n de forma libre y voluntaria, aquellas personas mayores de edad, con capacidad de obrar y no sujetas a condici\u00f3n legal que lo impida , ser vecino o propietario en alguno de los tres pueblos del municipio Lozoyuela-Navas-Sieteiglesias, que tengan inter\u00e9s en el desarrollo de los fines de la Asociaci\u00f3n.<\/p>\n\n\n\n<p><strong>ART\u00cdCULO<\/strong><strong> 22.- Clases de Asociados<\/strong><\/p>\n\n\n\n<p>Existir\u00e1n las siguientes clases de asociados:<\/p>\n\n\n\n<p>a) Fundadores, que ser\u00e1n aquellos que participen en el acto de constituci\u00f3n de la Asociaci\u00f3n.<\/p>\n\n\n\n<p>b) De n\u00famero, que ser\u00e1n los que ingresen despu\u00e9s de la constituci\u00f3n de la Asociaci\u00f3n.<\/p>\n\n\n\n<p>c) De honor, los que por su prestigio o por haber contribuido de modo relevante a los fines de la Asociaci\u00f3n, se hagan acreedores a tal distinci\u00f3n.<\/p>\n\n\n\n<p><strong>ART\u00cdCULO<\/strong><strong> 23.- Causas de p\u00e9rdida de la condici\u00f3n de asociado<\/strong><\/p>\n\n\n\n<p>Se perder\u00e1 la condici\u00f3n de asociado por alguna de las causas siguientes:<\/p>\n\n\n\n<p>a) Por renuncia voluntaria, comunicada por escrito a la Junta Directiva.<\/p>\n\n\n\n<p>b) Por incumplimiento de sus obligaciones econ\u00f3micas, si dejara de satisfacer cuotas peri\u00f3dicas.<\/p>\n\n\n\n<p>c) Por conducta incorrecta, por desprestigiar a la Asociaci\u00f3n con hechos o palabras que perturben gravemente los actos organizados por la misma y la normal convivencia entre los asociados.<\/p>\n\n\n\n<p>En los supuestos de sanci\u00f3n y separaci\u00f3n de los asociados, se informar\u00e1 en todo caso al afectado de los hechos que puedan dar lugar a tales medidas, y se le oir\u00e1 previamente, debiendo ser motivado el acuerdo que, en tal sentido, se adopte.<\/p>\n\n\n\n<p><strong>ART\u00cdCULO<\/strong><strong> 24.- Derechos de los asociados<\/strong><\/p>\n\n\n\n<p>Los asociados de n\u00famero y los fundadores tendr\u00e1n los siguientes derechos:<\/p>\n\n\n\n<ol class=\"wp-block-list\" type=\"a\">\n<li>Participar en las actividades de la asociaci\u00f3n y en los \u00f3rganos de gobierno y representaci\u00f3n.<\/li>\n\n\n\n<li>Ejercer el derecho de voto, as\u00ed como asistir a la Asamblea General<\/li>\n\n\n\n<li>Ser informado acerca de la composici\u00f3n de los \u00f3rganos de gobierno y representaci\u00f3n de la asociaci\u00f3n, de su estado de cuentas y del desarrollo de su actividad.<\/li>\n\n\n\n<li>Ser o\u00eddo con car\u00e1cter previo a la adopci\u00f3n de medidas disciplinarias contra \u00e9l<\/li>\n\n\n\n<li>Impugnar los acuerdos de los \u00f3rganos de la Asociaci\u00f3n que estime contrarios a la ley o los estatutos<\/li>\n\n\n\n<li>Hacer sugerencias a los miembros de la Junta Directiva en orden al mejor cumplimiento de los fines de la Asociaci\u00f3n.<\/li>\n<\/ol>\n\n\n\n<p>Los asociados de honor tendr\u00e1n los mismos derechos salvo el de voto en la Asamblea General y el de participaci\u00f3n en la Junta Directiva de la Asociaci\u00f3n.<\/p>\n\n\n\n<p><strong>ART\u00cdCULO<\/strong><strong> 25.- Deberes de los asociados<\/strong><\/p>\n\n\n\n<p>Los asociados tendr\u00e1n las siguientes obligaciones:<\/p>\n\n\n\n<ol class=\"wp-block-list\" type=\"a\">\n<li>Compartir las finalidades de la asociaci\u00f3n y colaborar para la consecuci\u00f3n de las mismas<\/li>\n\n\n\n<li>Pagar las cuotas, derramas y otras aportaciones que, con arreglo a los estatutos, puedan corresponder a cada asociado, salvo los de honor.<\/li>\n\n\n\n<li>Cumplir el resto de obligaciones que resulten de las disposiciones estatutarias.<\/li>\n\n\n\n<li>Acatar y cumplir los acuerdos v\u00e1lidamente adoptados por los \u00f3rganos de gobierno y representaci\u00f3n de la Asociaci\u00f3n<\/li>\n<\/ol>\n\n\n\n<p><strong>CAP\u00cdTULO VI<\/strong><\/p>\n\n\n\n<p><strong>R\u00c9GIMEN DE FINANCIACI\u00d3N, CONTABILIDAD Y DOCUMENTACI\u00d3N<\/strong><\/p>\n\n\n\n<p><strong>ART\u00cdCULO<\/strong><strong> 26.- Obligaciones documentales y contables<\/strong><\/p>\n\n\n\n<p>La Asociaci\u00f3n dispondr\u00e1 de una relaci\u00f3n actualizada de asociados. Asimismo,&nbsp; llevar\u00e1 una contabilidad donde quedar\u00e1 reflejada la imagen fiel del patrimonio, los resultados, la situaci\u00f3n financiera de la entidad y las actividades realizadas. Tambi\u00e9n dispondr\u00e1 de un inventario actualizado de sus bienes.<\/p>\n\n\n\n<p>En un Libro de Actas, figurar\u00e1n las correspondientes a las reuniones que celebren sus \u00f3rganos de gobierno y representaci\u00f3n.<\/p>\n\n\n\n<p><strong>ART\u00cdCULO<\/strong><strong> 27.-&nbsp; Recursos Econ\u00f3micos<\/strong><\/p>\n\n\n\n<p>Los recursos econ\u00f3micos previstos para el desarrollo de los fines y actividades de la Asociaci\u00f3n ser\u00e1n los siguientes:<\/p>\n\n\n\n<p>a) Las cuotas de entrada (ser\u00e1n de 2\u20ac) o extraordinarias si fueran necerarias<\/p>\n\n\n\n<p>b) Las subvenciones, legados o herencias que pudiera recibir de forma legal por parte de los asociados o de terceras personas.<\/p>\n\n\n\n<p>c) Cualquier otro recurso l\u00edcito.<\/p>\n\n\n\n<p><strong>ART\u00cdCULO<\/strong><strong> 28.- Patrimonio Inicial y Cierre de Ejercicio<\/strong><\/p>\n\n\n\n<p>La Asociaci\u00f3n carece de patrimonio inicial.<\/p>\n\n\n\n<p>El cierre del ejercicio asociativo ser\u00e1 el 31 de diciembre.&nbsp;&nbsp;&nbsp;&nbsp;&nbsp;&nbsp;&nbsp;&nbsp;&nbsp;&nbsp;&nbsp;&nbsp;&nbsp;&nbsp;&nbsp;&nbsp;&nbsp; .<\/p>\n\n\n\n<p><strong>CAP\u00cdTULO VII<\/strong><\/p>\n\n\n\n<p><strong>DISOLUCI\u00d3N<\/strong><\/p>\n\n\n\n<p><strong>ART\u00cdCULO<\/strong><strong> 29.- Acuerdo de disoluci\u00f3n<\/strong><\/p>\n\n\n\n<p>La Asociaci\u00f3n se disolver\u00e1:<\/p>\n\n\n\n<p>a) &nbsp;&nbsp;&nbsp;&nbsp;&nbsp;&nbsp; Por voluntad de los asociados expresada mediante acuerdo de la Asamblea General, convocada al efecto por mayor\u00eda cualificada (2\/3 de los asociados).<\/p>\n\n\n\n<p>b) &nbsp;&nbsp;&nbsp;&nbsp;&nbsp;&nbsp; Por imposibilidad de cumplir los fines previstos en los estatutos apreciada por acuerdo de la Asamblea General<\/p>\n\n\n\n<p>c)&nbsp;&nbsp;&nbsp;&nbsp;&nbsp;&nbsp;&nbsp;&nbsp; Por sentencia judicial.<\/p>\n\n\n\n<p><strong>ART\u00cdCULO<\/strong><strong> 30.- Comisi\u00f3n Liquidadora<\/strong><\/p>\n\n\n\n<p>En caso de disoluci\u00f3n, se nombrar\u00e1 una comisi\u00f3n liquidadora, la cual, una vez extinguidas las deudas, y si existiese sobrante l\u00edquido lo destinar\u00e1 para fines no lucrativos seg\u00fan lo acordado por la Asamblea General (concretamente a C\u00e1ritas)<\/p>\n\n\n\n<p>Los liquidadores tendr\u00e1n las funciones que establecen los apartados 3 y 4 del art\u00edculo 18 de la Ley Org\u00e1nica 1\/2002 de 22 de marzo.<\/p>\n\n\n\n<p>En cualquier caso no est\u00e1 permitido el reparto del remanente entre los socios.<\/p>\n\n\n\n<p>Actualmente los cargos designados son los siguientes:<\/p>\n\n\n\n<p>Presidenta: D\u00aa Gema Serrano<\/p>\n\n\n\n<p>Vicepresidente: D. Alejandro Ram\u00edrez<\/p>\n\n\n\n<p>Tesorera: D\u00aa M\u00aa Isabel Vela<\/p>\n\n\n\n<p id=\"Acerca-de\">Secretario: D. Andr\u00e9s Moreno<\/p>\n\n\n\n<p><strong>JUNTA DE GOBIERNO desde el 6 de octubre de 2023<\/strong> consultar en <\/p>\n\n\n\n<p><a href=\"https:\/\/vecinosypropietarios.org\/?p=1217\" target=\"_blank\" rel=\"noreferrer noopener\">https:\/\/vecinosypropietarios.org\/?p=1217<\/a><\/p>\n\n\n\n<p><\/p>\n\n\n\n<p><\/p>\n\n\n\n<h2 class=\"wp-block-heading\">NORMAS del Chat de la Asociaci\u00f3n<\/h2>\n\n\n\n<div data-wp-interactive=\"core\/file\" class=\"wp-block-file\"><object data-wp-bind--hidden=\"!state.hasPdfPreview\" hidden class=\"wp-block-file__embed\" data=\"https:\/\/vecinosypropietarios.org\/wp-content\/uploads\/2024\/06\/Normas-Chat-AVP-grafico-cajas.pdf\" type=\"application\/pdf\" style=\"width:100%;height:600px\" aria-label=\"Incrustado de Normas-Chat-AVP-grafico-cajas.\"><\/object><a id=\"wp-block-file--media-a35a1623-13b0-4544-9a99-211a70f86745\" href=\"https:\/\/vecinosypropietarios.org\/wp-content\/uploads\/2024\/06\/Normas-Chat-AVP-grafico-cajas.pdf\">Normas-Chat-AVP-grafico-cajas<\/a><a href=\"https:\/\/vecinosypropietarios.org\/wp-content\/uploads\/2024\/06\/Normas-Chat-AVP-grafico-cajas.pdf\" class=\"wp-block-file__button wp-element-button\" download aria-describedby=\"wp-block-file--media-a35a1623-13b0-4544-9a99-211a70f86745\">Descarga<\/a><\/div>\n\n\n\n<div data-wp-interactive=\"core\/file\" class=\"wp-block-file\"><object data-wp-bind--hidden=\"!state.hasPdfPreview\" hidden class=\"wp-block-file__embed\" data=\"https:\/\/vecinosypropietarios.org\/wp-content\/uploads\/2024\/06\/Proc-si-incumplimiento-normas-del-Chat-1.3.pdf\" type=\"application\/pdf\" style=\"width:100%;height:600px\" aria-label=\"Incrustado de Proc-si-incumplimiento-normas-del-Chat-1.3.\"><\/object><a id=\"wp-block-file--media-70809a1d-d812-428f-b9de-d40662cf99f9\" href=\"https:\/\/vecinosypropietarios.org\/wp-content\/uploads\/2024\/06\/Proc-si-incumplimiento-normas-del-Chat-1.3.pdf\">Proc-si-incumplimiento-normas-del-Chat-1.3<\/a><a href=\"https:\/\/vecinosypropietarios.org\/wp-content\/uploads\/2024\/06\/Proc-si-incumplimiento-normas-del-Chat-1.3.pdf\" class=\"wp-block-file__button wp-element-button\" download aria-describedby=\"wp-block-file--media-70809a1d-d812-428f-b9de-d40662cf99f9\">Descarga<\/a><\/div>\n","protected":false},"excerpt":{"rendered":"<p>Para cualquier cuesti\u00f3n relativa a los contenidos de la p\u00e1gina dir\u00edgase a info@vecinosypropietarios.org La Asociaci\u00f3n de Vecinos y Propietarios de Lozoyuela-Navas-Sieteiglesias (en adelante, AVP) est\u00e1 inscrita en el registro de asociaciones municipal del Ayuntamiento&#46;&#46;&#46;<\/p>\n","protected":false},"author":1,"featured_media":0,"parent":0,"menu_order":0,"comment_status":"closed","ping_status":"closed","template":"","meta":{"_seopress_robots_primary_cat":"","_seopress_titles_title":"Acerca de, Estatutos","_seopress_titles_desc":"","_seopress_robots_index":"","footnotes":""},"class_list":["post-38","page","type-page","status-publish","hentry"],"_links":{"self":[{"href":"https:\/\/vecinosypropietarios.org\/index.php?rest_route=\/wp\/v2\/pages\/38","targetHints":{"allow":["GET"]}}],"collection":[{"href":"https:\/\/vecinosypropietarios.org\/index.php?rest_route=\/wp\/v2\/pages"}],"about":[{"href":"https:\/\/vecinosypropietarios.org\/index.php?rest_route=\/wp\/v2\/types\/page"}],"author":[{"embeddable":true,"href":"https:\/\/vecinosypropietarios.org\/index.php?rest_route=\/wp\/v2\/users\/1"}],"replies":[{"embeddable":true,"href":"https:\/\/vecinosypropietarios.org\/index.php?rest_route=%2Fwp%2Fv2%2Fcomments&post=38"}],"version-history":[{"count":7,"href":"https:\/\/vecinosypropietarios.org\/index.php?rest_route=\/wp\/v2\/pages\/38\/revisions"}],"predecessor-version":[{"id":1741,"href":"https:\/\/vecinosypropietarios.org\/index.php?rest_route=\/wp\/v2\/pages\/38\/revisions\/1741"}],"wp:attachment":[{"href":"https:\/\/vecinosypropietarios.org\/index.php?rest_route=%2Fwp%2Fv2%2Fmedia&parent=38"}],"curies":[{"name":"wp","href":"https:\/\/api.w.org\/{rel}","templated":true}]}}